{"id":2732,"date":"2023-11-29T14:06:27","date_gmt":"2023-11-29T13:06:27","guid":{"rendered":"https:\/\/tumasmuntane.com\/diseno-web-badalona\/"},"modified":"2023-12-18T20:34:29","modified_gmt":"2023-12-18T19:34:29","slug":"disseny-web-badalona","status":"publish","type":"page","link":"https:\/\/tumasmuntane.com\/ca\/disseny-web-badalona\/","title":{"rendered":"Disseny web a Badalona"},"content":{"rendered":"\n<h2 class=\"wp-block-heading has-text-align-center\">Serveis WordPress de Badalona<\/h2>\n\n\n\n\n\n\t\n\t<div class=\"tms-block-cards grid-2 design-flip\">\n\n\t\t\n\t\t\t\n\t\t\t<div class=\"card\">\n\n\t\t\t\t\t\t\t\t\t<svg  class=\"svg-icon card__icon\"><use href=\"https:\/\/tumasmuntane.com\/wp-content\/themes\/twentytwenty-child\/images\/icons.svg#tools\"\/><\/svg>\t\t\t\t\n\t\t\t\t\t\t\t\t\t<h3 class=\"card__title\">\n\t\t\t\t\t\tManteniment WordPress\t\t\t\t\t\t\t\t\t\t\t\t\t<small>Tu ets expert en el teu negoci, jo ho s\u00f3c en el teu WordPress<\/small>\n\t\t\t\t\t\t\t\t\t\t\t<\/h3>\n\t\t\t\t\n\t\t\t\t\t\t\t\t\t<p class=\"card__content\">Et proporciono el manteniment professional, r\u00e0pid i econ\u00f2mic que requereix el teu lloc web WordPress. La teva web permanentment actualitzada, protegida i monitoritzada, mentre tu et concentres en qu\u00e8 la teva feina resulti productiva i gaudeixes del teu temps lliure. Ser\u00e9 el primer a assabentar-me de qualsevol alerta i li posar\u00e9 soluci\u00f3 abans que suposi un problema per al funcionament de la teva web.<\/p>\n\t\t\t\t\n\t\t\t\t\t\t\t\t\t<a class=\"card__link\" href=\"https:\/\/mantenimientowpro.es\/ca\/manteniment-wordpress-professional\/\"><\/a>\n\t\t\t\t\n\t\t\t<\/div>\n\n\t\t\n\t\t\t\n\t\t\t<div class=\"card\">\n\n\t\t\t\t\t\t\t\t\t<svg  class=\"svg-icon card__icon\"><use href=\"https:\/\/tumasmuntane.com\/wp-content\/themes\/twentytwenty-child\/images\/icons.svg#wordpress\"\/><\/svg>\t\t\t\t\n\t\t\t\t\t\t\t\t\t<h3 class=\"card__title\">\n\t\t\t\t\t\t<span class=\"wordxpress\"><span>Word<\/span>XPress<\/span>\t\t\t\t\t\t\t\t\t\t\t\t\t<small>El teu nou lloc WordPress en 48 hores!<\/small>\n\t\t\t\t\t\t\t\t\t\t\t<\/h3>\n\t\t\t\t\n\t\t\t\t\t\t\t\t\t<p class=\"card__content\">He creat per a tu plantilles amb les caracter\u00edstiques m\u00e9s usades en p\u00e0gines reals. Troba la plantilla que s&#8217;ajusta millor al teu projecte i la personalitzo implementant la teva imatge de marca. Segueix les indicacions que et donar\u00e9 i en nom\u00e9s dos dies tindrem la teva nova p\u00e0gina web per impulsar el teu negoci. Amb tots els avantatges de WordPress per gestionar els continguts pel teu compte.<\/p>\n\t\t\t\t\n\t\t\t\t\t\t\t\t\t<a class=\"card__link\" href=\"https:\/\/tumasmuntane.com\/ca\/wordxpress-la-teva-web-wordpress-en-48-hores\/\"><\/a>\n\t\t\t\t\n\t\t\t<\/div>\n\n\t\t\n\t\t\t\n\t\t\t<div class=\"card\">\n\n\t\t\t\t\t\t\t\t\t<svg  class=\"svg-icon card__icon\"><use href=\"https:\/\/tumasmuntane.com\/wp-content\/themes\/twentytwenty-child\/images\/icons.svg#palette\"\/><\/svg>\t\t\t\t\n\t\t\t\t\t\t\t\t\t<h3 class=\"card__title\">\n\t\t\t\t\t\tEl Teu Disseny a Mida\t\t\t\t\t\t\t\t\t\t\t\t\t<small>Desmarca&#8217;t amb un web constru\u00eft a la teva mida<\/small>\n\t\t\t\t\t\t\t\t\t\t\t<\/h3>\n\t\t\t\t\n\t\t\t\t\t\t\t\t\t<p class=\"card__content\">Si penses en gran quan es tracta de la teva empresa i tens molt clar els objectius que vols aconseguir amb la teva p\u00e0gina web, aix\u00f2 \u00e9s per a tu. Per qu\u00e8 has d&#8217;adaptar el teu lloc web a una de les moltes plantilles que t\u00e9 WordPress, quan puc construir-la des de zero en exclusiva per a les necessitats de la teva empresa? Tots els avantatges de WordPress units a la distinci\u00f3 que atorga un lloc web a mida.<\/p>\n\t\t\t\t\n\t\t\t\t\t\t\t\t\t<a class=\"card__link\" href=\"https:\/\/tumasmuntane.com\/ca\/contacte\/\"><\/a>\n\t\t\t\t\n\t\t\t<\/div>\n\n\t\t\n\t\t\t\n\t\t\t<div class=\"card\">\n\n\t\t\t\t\t\t\t\t\t<svg  class=\"svg-icon card__icon\"><use href=\"https:\/\/tumasmuntane.com\/wp-content\/themes\/twentytwenty-child\/images\/icons.svg#plugin\"\/><\/svg>\t\t\t\t\n\t\t\t\t\t\t\t\t\t<h3 class=\"card__title\">\n\t\t\t\t\t\tFuncionalitats WordPress\t\t\t\t\t\t\t\t\t\t\t\t\t<small>Els extres que li donen vida a la teva p\u00e0gina web<\/small>\n\t\t\t\t\t\t\t\t\t\t\t<\/h3>\n\t\t\t\t\n\t\t\t\t\t\t\t\t\t<p class=\"card__content\">Aquesta proposta \u00e9s per a tu si tens ja una p\u00e0gina web amb WordPress i vols afegir funcionalitats extres. Desenvolupament per a tu nous tipus de continguts i noves caracter\u00edstiques per les teves publicacions, la teva p\u00e0gina web lluir\u00e0 com mai. Et recomano tamb\u00e9 els paquets de plugins que faig servir en la meva pr\u00f2pia p\u00e0gina web per a Seguretat, Velocitat i Posicionament SEO.<\/p>\n\t\t\t\t\n\t\t\t\t\t\t\t\t\t<a class=\"card__link\" href=\"https:\/\/tumasmuntane.com\/ca\/contacte\/\"><\/a>\n\t\t\t\t\n\t\t\t<\/div>\n\n\t\t\n\t<\/div>\n\n\n\n\n<div class=\"wp-block-group alignfull has-subtle-background-background-color has-background\"><div class=\"wp-block-group__inner-container is-layout-flow wp-block-group-is-layout-flow\">\n<h2 class=\"wp-block-heading has-text-align-center no-margin-bottom\">Auditoria WordPress Gratu\u00efta<\/h2>\n\n\n\n<p class=\"has-text-align-center\">T&#8217;ofereixo una auditoria web de forma totalment gratu\u00efta, sense lletra petita.<\/p>\n\n\n\n<div class=\"wp-block-buttons is-content-justification-center is-layout-flex wp-container-core-buttons-is-layout-16018d1d wp-block-buttons-is-layout-flex\">\n<div class=\"wp-block-button\"><a class=\"wp-block-button__link has-primary-background-color has-background wp-element-button\" href=\"https:\/\/tumasmuntane.com\/ca\/auditoria-wordpress-gratuita\/\">Audita la meva web!<\/a><\/div>\n<\/div>\n<\/div><\/div>\n\n\n\n<h2 class=\"wp-block-heading has-text-align-center\">Millores i optimitzacions WordPress a Badalona<\/h2>\n\n\n\n\n\n\t\n\t<div class=\"tms-block-cards grid-3 design-flip\">\n\n\t\t\n\t\t\t\n\t\t\t<div class=\"card\">\n\n\t\t\t\t\n\t\t\t\t\t\t\t\t\t<h3 class=\"card__title\">\n\t\t\t\t\t\tSeguretat WordPress\t\t\t\t\t\t\t\t\t\t\t\t\t<small>Protegeix la teva web WordPress d&#8217;atacs maliciosos<\/small>\n\t\t\t\t\t\t\t\t\t\t\t<\/h3>\n\t\t\t\t\n\t\t\t\t\t\t\t\t\t<p class=\"card__content\">Compta amb un paquet de plugins lleugers i efica\u00e7os, unit a una configuraci\u00f3 d\u2019arxius avan\u00e7ada, enfocada a la protecci\u00f3 del web<\/p>\n\t\t\t\t\n\t\t\t\t\t\t\t\t\t<a class=\"card__link\" href=\"https:\/\/tumasmuntane.com\/ca\/top-seguretat-wordpress\/\"><\/a>\n\t\t\t\t\n\t\t\t<\/div>\n\n\t\t\n\t\t\t\n\t\t\t<div class=\"card\">\n\n\t\t\t\t\n\t\t\t\t\t\t\t\t\t<h3 class=\"card__title\">\n\t\t\t\t\t\tVelocitat Web\t\t\t\t\t\t\t\t\t\t\t\t\t<small>Millora la velocitat de la teva web en tots els dispositius<\/small>\n\t\t\t\t\t\t\t\t\t\t\t<\/h3>\n\t\t\t\t\n\t\t\t\t\t\t\t\t\t<p class=\"card__content\">Resol els problemes de velocitat de c\u00e0rrega per a WordPress amb la millor del mercat<\/p>\n\t\t\t\t\n\t\t\t\t\t\t\t\t\t<a class=\"card__link\" href=\"https:\/\/tumasmuntane.com\/ca\/top-velocitat-web\/\"><\/a>\n\t\t\t\t\n\t\t\t<\/div>\n\n\t\t\n\t\t\t\n\t\t\t<div class=\"card\">\n\n\t\t\t\t\n\t\t\t\t\t\t\t\t\t<h3 class=\"card__title\">\n\t\t\t\t\t\tSEO WordPress\t\t\t\t\t\t\t\t\t\t\t\t\t<small>Millora el SEO onpage i els continguts del teu web<\/small>\n\t\t\t\t\t\t\t\t\t\t\t<\/h3>\n\t\t\t\t\n\t\t\t\t\t\t\t\t\t<p class=\"card__content\">Optimitza la teva web per dinamitzar la seva resposta amb els motors de cerca publicaci\u00f3 rere publicaci\u00f3<\/p>\n\t\t\t\t\n\t\t\t\t\t\t\t\t\t<a class=\"card__link\" href=\"https:\/\/tumasmuntane.com\/ca\/top-seo-wordpress\/\"><\/a>\n\t\t\t\t\n\t\t\t<\/div>\n\n\t\t\n\t\t\t\n\t\t\t<div class=\"card\">\n\n\t\t\t\t\n\t\t\t\t\t\t\t\t\t<h3 class=\"card__title\">\n\t\t\t\t\t\tLegal WordPress\t\t\t\t\t\t\t\t\t\t\t\t\t<small>Actualitza el teu WordPress segons tots els requisits de la RGPD<\/small>\n\t\t\t\t\t\t\t\t\t\t\t<\/h3>\n\t\t\t\t\n\t\t\t\t\t\t\t\t\t<p class=\"card__content\">Compleix amb el Reglament General de Protecci\u00f3 de Dades; formularis, cookies i textos legals al seu lloc<\/p>\n\t\t\t\t\n\t\t\t\t\t\t\t\t\t<a class=\"card__link\" href=\"https:\/\/tumasmuntane.com\/ca\/top-legal-wordpress\/\"><\/a>\n\t\t\t\t\n\t\t\t<\/div>\n\n\t\t\n\t\t\t\n\t\t\t<div class=\"card\">\n\n\t\t\t\t\n\t\t\t\t\t\t\t\t\t<h3 class=\"card__title\">\n\t\t\t\t\t\tCertificat SSL\t\t\t\t\t\t\t\t\t\t\t\t\t<small>WordPress treballant amb el protocol segur HTTPS<\/small>\n\t\t\t\t\t\t\t\t\t\t\t<\/h3>\n\t\t\t\t\n\t\t\t\t\t\t\t\t\t<p class=\"card__content\">La teva web treballant mitjan\u00e7ant protocol segur HTTPS, sense necessitat d&#8217;instal\u00b7lar un altre connector<\/p>\n\t\t\t\t\n\t\t\t\t\t\t\t\t\t<a class=\"card__link\" href=\"https:\/\/tumasmuntane.com\/ca\/top-certificat-ssl\/\"><\/a>\n\t\t\t\t\n\t\t\t<\/div>\n\n\t\t\n\t\t\t\n\t\t\t<div class=\"card\">\n\n\t\t\t\t\n\t\t\t\t\t\t\t\t\t<h3 class=\"card__title\">\n\t\t\t\t\t\tMultiidioma WordPress\t\t\t\t\t\t\t\t\t\t\t\t\t<small>Multiplica el p\u00fablic objectiu del teu web afegint idiomes<\/small>\n\t\t\t\t\t\t\t\t\t\t\t<\/h3>\n\t\t\t\t\n\t\t\t\t\t\t\t\t\t<p class=\"card__content\">Inclou WPML, el connector per convertir el teu WordPress a multiidioma i la configuraci\u00f3 de la segona llengua<\/p>\n\t\t\t\t\n\t\t\t\t\t\t\t\t\t<a class=\"card__link\" href=\"https:\/\/tumasmuntane.com\/ca\/top-wordpress-multiidioma\/\"><\/a>\n\t\t\t\t\n\t\t\t<\/div>\n\n\t\t\n\t<\/div>\n\n\n\n\n<hr class=\"wp-block-separator has-css-opacity max-width-medium\"\/>\n\n\n\n<div class=\"wp-block-group max-width-medium\"><div class=\"wp-block-group__inner-container is-layout-constrained wp-block-group-is-layout-constrained\">\n<h2 class=\"wp-block-heading has-text-align-center\">Disseny web a Badalona<\/h2>\n\n\n\n<p class=\"has-text-align-center\">S\u00f3c en Tum\u00e0s i treballar\u00e9 amb tu en el <strong>disseny i el desenvolupament web a Badalona<\/strong>.<\/p>\n\n\n\n<h3 class=\"wp-block-heading has-text-align-center\">Creaci\u00f3 de llocs web a Badalona<\/h3>\n\n\n\n<p class=\"has-text-align-center\">Em dedico al <strong>disseny web a Badalona<\/strong>, posa&#8217;t a les meves mans per a la creaci\u00f3 de llocs web impactants i funcionals. Responent a all\u00f2 que la teva empresa o negoci necessita.<\/p>\n\n\n\n<p class=\"has-text-align-center\">Treballar\u00e9 per plasmar l&#8217;<strong>ess\u00e8ncia de la teva marca a cada p\u00e0gina<\/strong> perqu\u00e8 el teu lloc web pugui oferir una experi\u00e8ncia perfecta als teus clients potencials.<\/p>\n\n\n\n<h3 class=\"wp-block-heading has-text-align-center\">Digitalitza la teva empresa amb una web per al futur<\/h3>\n\n\n\n<p class=\"has-text-align-center\">Captiva la teva audi\u00e8ncia amb un <strong>disseny web a Badalona<\/strong> que vagi m\u00e9s enll\u00e0 del que \u00e9s convencional.<\/p>\n\n\n\n<p class=\"has-text-align-center\">Treballo a la ciutat de Badalona per crear <a href=\"https:\/\/tumasmuntane.com\/ca\/\">p\u00e0gines web atractives<\/a>, segures i totalment funcionals per a tu.<\/p>\n\n\n\n<p class=\"has-text-align-center\">Optimitzades per a una <strong>navegaci\u00f3 intu\u00eftiva<\/strong>, orientades a SEO On Page i que garanteixin una experi\u00e8ncia d&#8217;usuari perfecta.<\/p>\n\n\n\n<div class=\"wp-block-group alignfull has-subtle-background-background-color has-background\"><div class=\"wp-block-group__inner-container is-layout-flow wp-block-group-is-layout-flow\">\n<h3 class=\"wp-block-heading has-text-align-center no-margin-bottom\">M\u00e9s dubtes?<\/h3>\n\n\n\n<p class=\"has-text-align-center\">Si tens una empresa a Badalona i vols tenir una p\u00e0gina web potent\u2026<\/p>\n\n\n\n<div class=\"wp-block-buttons is-content-justification-center is-layout-flex wp-container-core-buttons-is-layout-16018d1d wp-block-buttons-is-layout-flex\">\n<div class=\"wp-block-button\"><a class=\"wp-block-button__link has-primary-background-color has-background wp-element-button\" href=\"https:\/\/tumasmuntane.com\/ca\/contacte\/\">Escriu-me!<\/a><\/div>\n<\/div>\n<\/div><\/div>\n\n\n\n<h3 class=\"wp-block-heading has-text-align-center\">Desenvolupament a WordPress a Badalona<\/h3>\n\n\n\n<p class=\"has-text-align-center\">Necessites un lloc web f\u00e0cil de gestionar personalitzable? Estic especialitzat en el <strong>desenvolupament WordPress a Badalona<\/strong> per a la creaci\u00f3 de llocs web din\u00e0mics i flexibles.<\/p>\n\n\n\n<p class=\"has-text-align-center\"><a href=\"https:\/\/mantenimientowpro.es\/ca\/manteniment-wordpress-professional\/\" data-type=\"page\" data-id=\"7\">Manteniment web<\/a>, seguretat i un <strong>lloc web multiidioma per a la teva empresa<\/strong>. Botigues online, webs corporatives, e-learning i tot el que la teva empresa necessiti per portar les teves idees al m\u00f3n digital.<\/p>\n\n\n\n<p class=\"has-text-align-center\">Creo experi\u00e8ncies visuals digitals. Confia en mi, envia un missatge i posem-nos a treballar per portar la teva pres\u00e8ncia en l\u00ednia al seg\u00fcent nivell.<\/p>\n\n\n\n<p class=\"has-text-align-center\">Descobreix com puc transformar les teves idees en una <strong>pres\u00e8ncia web d&#8217;impacte<\/strong>, rendible i efectiva.<\/p>\n\n\n\n<p class=\"has-text-align-center\">Descobreix el meu enfocament \u00fanic en el disseny web Badalona.<\/p>\n<\/div><\/div>\n\n\n\n<hr class=\"wp-block-separator has-css-opacity max-width-medium\"\/>\n\n\n\n<h2 class=\"wp-block-heading has-text-align-center\">Clients Satisfets<\/h2>\n\n\n\n<div class=\"wp-block-group testimonials\"><div class=\"wp-block-group__inner-container is-layout-flow wp-block-group-is-layout-flow\"><div class=\"testimonials-slider\"><div class=\"testimonials-slider-wrapper\"><div class=\"testimonial\"><div class=\"testimonial-image\"><img decoding=\"async\" width=\"160\" height=\"160\" src=\"https:\/\/tumasmuntane.com\/wp-content\/uploads\/2019\/05\/efrem-naharro.jpg\" class=\"attachment-post-thumbnail size-post-thumbnail wp-post-image\" alt=\"Efrem Naharro\" \/><\/div><blockquote><p>Teniem un projecte amb uns terminis i un volum i complexitat de feina importants. Gr\u00e0cies a la col\u00b7laboraci\u00f3 d'en Tum\u00e0s el projecte es va poder executar \u00edntegrament i amb normalitat dins dels terminis previstos, recollint totes les modificacions indicades pel client durant el seu desenvolupament. De la seva notable aportaci\u00f3 en aquest projecte destacaria el seus coneixements, la comprensi\u00f3 del que es demana i la capacitat d'executar-ho amb noves eines, assolint un aprenentatge immediat.<\/p><cite><svg  class=\"svg-icon\"><use href=\"https:\/\/tumasmuntane.com\/wp-content\/themes\/twentytwenty-child\/images\/icons.svg#testimonial\"\/><\/svg><div class=\"testimonial-author\"><p class=\"testimonial-name\">Efrem Naharro<\/p><p class=\"testimonial-position-company\"><span class=\"testimonial-position\">Gestor de projectes<\/span> \/\/ <span class=\"testimonial-company\">Feedback Marketing Re-Productions<\/span><\/p><\/div><\/cite><\/blockquote><\/div><div class=\"testimonial\"><div class=\"testimonial-image\"><img decoding=\"async\" width=\"160\" height=\"160\" src=\"https:\/\/tumasmuntane.com\/wp-content\/uploads\/2020\/09\/joan-bonastre.jpg\" class=\"attachment-post-thumbnail size-post-thumbnail wp-post-image\" alt=\"Joan Bonastre\" \/><\/div><blockquote><p>Gr\u00e0cies Tum\u00e0s per la teva gesti\u00f3 i ajuda en la creaci\u00f3 del nostre web.\r\nUn gust treballar amb tu, per la teva r\u00e0pida comprensi\u00f3 dels conceptes que t'he expressat, per la teva rapidesa i dedicaci\u00f3. Et recomanar\u00e9 als meus contactes.<\/p><cite><svg  class=\"svg-icon\"><use href=\"https:\/\/tumasmuntane.com\/wp-content\/themes\/twentytwenty-child\/images\/icons.svg#testimonial\"\/><\/svg><div class=\"testimonial-author\"><p class=\"testimonial-name\">Joan Anton Bonastre<\/p><p class=\"testimonial-position-company\"><span class=\"testimonial-position\">Director<\/span> \/\/ <span class=\"testimonial-company\">In Terra Salud SL<\/span><\/p><\/div><\/cite><\/blockquote><\/div><div class=\"testimonial\"><div class=\"testimonial-image\"><img decoding=\"async\" width=\"160\" height=\"160\" src=\"https:\/\/tumasmuntane.com\/wp-content\/uploads\/2020\/10\/francesc-pons.jpg\" class=\"attachment-post-thumbnail size-post-thumbnail wp-post-image\" alt=\"Francesc Pons\" \/><\/div><blockquote><p>Amb en Tum\u00e0s vaig trobar al desenvolupador web que em solucion\u00e9s els problemes de manera f\u00e0cil i r\u00e0pida, i aix\u00f2 em va permetre fer front a projectes que fins aquell moment no m'havia estat possible. Per sobre de tot valoro la seva inquietud en que el projecte sort\u00eds b\u00e9. Voler arribar m\u00e9s enll\u00e0 del que en el projecte es demanava inicialment. Estic content d'haver-lo trobat i espero poder treballar m\u00e9s cops junts en un futur. El recomanaria a qualsevol empresa que necessiti un desenvolupador web resolutiu i professional.<\/p><cite><svg  class=\"svg-icon\"><use href=\"https:\/\/tumasmuntane.com\/wp-content\/themes\/twentytwenty-child\/images\/icons.svg#testimonial\"\/><\/svg><div class=\"testimonial-author\"><p class=\"testimonial-name\">Francesc Pons<\/p><p class=\"testimonial-position-company\"><span class=\"testimonial-position\">Dissenyador gr\u00e0fic<\/span> \/\/ <span class=\"testimonial-company\">La mar de gr\u00e0fic<\/span><\/p><\/div><\/cite><\/blockquote><\/div><div class=\"testimonial\"><div class=\"testimonial-image\"><img decoding=\"async\" width=\"160\" height=\"160\" src=\"https:\/\/tumasmuntane.com\/wp-content\/uploads\/2019\/05\/laura-dels-estels.jpg\" class=\"attachment-post-thumbnail size-post-thumbnail wp-post-image\" alt=\"Laura dels Estels\" \/><\/div><blockquote><p>Nom\u00e9s tinc paraules de gratitud pel treball d'en Tum\u00e0s amb la nostra p\u00e0gina web. Molta gent m'ha comentat sobre la bona experi\u00e8ncia que resulta de visitar la p\u00e0gina pel f\u00e0cil que \u00e9s trobar la informaci\u00f3 que es busca. Tamb\u00e9 el seu aspecte est\u00e8tic, cuidat fins al m\u00ednim detall, reflecteix fidelment l'energia positiva que volem transmetre al nostre projecte. Vull destacar els seus consells respecte a l'estructura de continguts, que han estat de gran ajuda a l'hora d'establir prioritats en la nostra comunicaci\u00f3 amb els visitants del web. Recomano a en Tum\u00e0s per la seva serietat i comprom\u00eds amb la feina, pel seu coneixement del sector i per tenir com a meta la perfecci\u00f3 m\u00e9s gran t\u00e8cnica possible.<\/p><cite><svg  class=\"svg-icon\"><use href=\"https:\/\/tumasmuntane.com\/wp-content\/themes\/twentytwenty-child\/images\/icons.svg#testimonial\"\/><\/svg><div class=\"testimonial-author\"><p class=\"testimonial-name\">Laura Dels Estels<\/p><p class=\"testimonial-position-company\"><span class=\"testimonial-position\">Instructora de Dan\u00e7a i Presidenta<\/span> \/\/ <span class=\"testimonial-company\">Dance Pasifika<\/span><\/p><\/div><\/cite><\/blockquote><\/div><div class=\"testimonial\"><div class=\"testimonial-image\"><img decoding=\"async\" width=\"160\" height=\"160\" src=\"https:\/\/tumasmuntane.com\/wp-content\/uploads\/2019\/08\/guillem-iglesias.jpg\" class=\"attachment-post-thumbnail size-post-thumbnail wp-post-image\" alt=\"Guillem Iglesias\" \/><\/div><blockquote><p>La nostra web no funcionava correctament, amb temps d'espera desmesurats i unes funcionalitats que no s'adaptaven a les nostres necessitats. En Tum\u00e0s ens ha ajudat a solucionar aquests problemes desenvolupant una web amb un disseny i unes funcionalitats a mida. El resultat ha estat un augment immediat de les visites i les consultes a trav\u00e9s de la web. M'ha agradat molt la facilitat amb la qual ha compr\u00e8s all\u00f2 que necessit\u00e0vem i el recomano a qualsevol que vulgui adaptar i mantenir b\u00e9 la seva p\u00e0gina web.<\/p><cite><svg  class=\"svg-icon\"><use href=\"https:\/\/tumasmuntane.com\/wp-content\/themes\/twentytwenty-child\/images\/icons.svg#testimonial\"\/><\/svg><div class=\"testimonial-author\"><p class=\"testimonial-name\">Guillem Iglesias<\/p><p class=\"testimonial-position-company\"><span class=\"testimonial-position\">Director<\/span> \/\/ <span class=\"testimonial-company\">Fundaci\u00f3 Institut d&#039;Estudis Nord americans<\/span><\/p><\/div><\/cite><\/blockquote><\/div><\/div><div class=\"testimonials-slider-navigation\"><div class=\"testimonials-slider-arrow testimonials-slider-arrow-left\"><svg  class=\"svg-icon\"><use href=\"https:\/\/tumasmuntane.com\/wp-content\/themes\/twentytwenty-child\/images\/icons.svg#chevron-left\"\/><\/svg><\/div><ol class=\"testimonials-slider-pagination\"><\/ol><div class=\"testimonials-slider-arrow testimonials-slider-arrow-right\"><svg  class=\"svg-icon\"><use href=\"https:\/\/tumasmuntane.com\/wp-content\/themes\/twentytwenty-child\/images\/icons.svg#chevron-right\"\/><\/svg><\/div><\/div><\/div>\n<\/div><\/div>\n\n\n\n<div class=\"wp-block-group alignfull contact has-primary-background-color has-background\"><div class=\"wp-block-group__inner-container is-layout-flow wp-block-group-is-layout-flow\">\n<h2 class=\"wp-block-heading has-text-align-center\">No ho dubtis i envia&#8217;m un missatge<\/h2>\n\n\n\n<p class=\"has-text-align-center\">Estar\u00e9 encantat d\u2019asessorar-te i d\u2019oferir-te el servei que m\u00e9s s&#8217;ajusti a les necessitats del teu negoci.<\/p>\n\n\n\n<div class=\"wp-block-buttons is-horizontal is-content-justification-center is-layout-flex wp-container-core-buttons-is-layout-499968f5 wp-block-buttons-is-layout-flex\">\n<div class=\"wp-block-button is-style-outline is-style-outline--2\"><a class=\"wp-block-button__link wp-element-button\" href=\"https:\/\/tumasmuntane.com\/ca\/contacte\/\">Contacta&#8217;m<\/a><\/div>\n<\/div>\n<\/div><\/div>\n","protected":false},"excerpt":{"rendered":"<p>Serveis WordPress de Badalona Auditoria WordPress Gratu\u00efta T&#8217;ofereixo una auditoria web de forma totalment gratu\u00efta, sense lletra petita. Millores i optimitzacions WordPress a Badalona Disseny web a Badalona S\u00f3c en Tum\u00e0s i treballar\u00e9 amb tu en el disseny i el desenvolupament web a Badalona. Creaci\u00f3 de llocs web a Badalona Em dedico al disseny web [&hellip;]<\/p>\n","protected":false},"author":81,"featured_media":0,"parent":0,"menu_order":100,"comment_status":"closed","ping_status":"closed","template":"templates\/template-cover.php","meta":{"_acf_changed":false,"_seopress_robots_primary_cat":"","_seopress_titles_title":"","_seopress_titles_desc":"S\u00f3c en Tum\u00e0s Muntan\u00e9. Desenvolupador WordPress i especialista en disseny web a Badalona. Audito la teva web gratu\u00eftament!","_seopress_robots_index":"","footnotes":""},"class_list":["post-2732","page","type-page","status-publish","hentry"],"acf":[],"_links":{"self":[{"href":"https:\/\/tumasmuntane.com\/ca\/wp-json\/wp\/v2\/pages\/2732","targetHints":{"allow":["GET"]}}],"collection":[{"href":"https:\/\/tumasmuntane.com\/ca\/wp-json\/wp\/v2\/pages"}],"about":[{"href":"https:\/\/tumasmuntane.com\/ca\/wp-json\/wp\/v2\/types\/page"}],"author":[{"embeddable":true,"href":"https:\/\/tumasmuntane.com\/ca\/wp-json\/wp\/v2\/users\/81"}],"replies":[{"embeddable":true,"href":"https:\/\/tumasmuntane.com\/ca\/wp-json\/wp\/v2\/comments?post=2732"}],"version-history":[{"count":0,"href":"https:\/\/tumasmuntane.com\/ca\/wp-json\/wp\/v2\/pages\/2732\/revisions"}],"wp:attachment":[{"href":"https:\/\/tumasmuntane.com\/ca\/wp-json\/wp\/v2\/media?parent=2732"}],"curies":[{"name":"wp","href":"https:\/\/api.w.org\/{rel}","templated":true}]}}