{"id":433,"date":"2018-12-18T21:07:17","date_gmt":"2018-12-18T20:07:17","guid":{"rendered":"https:\/\/tumasmuntane.com\/?page_id=433"},"modified":"2022-04-23T13:32:27","modified_gmt":"2022-04-23T11:32:27","slug":"wordxpress-la-teva-web-wordpress-en-48-hores","status":"publish","type":"page","link":"https:\/\/tumasmuntane.com\/ca\/wordxpress-la-teva-web-wordpress-en-48-hores\/","title":{"rendered":"WordXPress, la teva web WordPress en 48 hores"},"content":{"rendered":"\n<ul class=\"max-width-medium list-icons list-icons-arrow wp-block-list\"><li>Vols que el teu projecte vegi la llum, per\u00f2 no et pots pagar una web a mida?<\/li><li>Et falta pressupost per a un gran projecte, per\u00f2 saps la import\u00e0ncia de la teva pres\u00e8ncia a internet?<\/li><li>Has perdut oportunitats per no tenir web, i est\u00e0s preparat per canviar aquesta situaci\u00f3?<\/li><\/ul>\n\n\n\n<p class=\"has-text-align-center margin-double-top has-large-font-size\">El servei <span class=\"wordxpress\"><span>Word<\/span>XPress<\/span> et permet, per menys de 500 \u20ac, accedir al teu mercat a Internet amb una p\u00e0gina web WordPress d&#8217;alta qualitat t\u00e8cnica i est\u00e8tica.<\/p>\n\n\n\n<p class=\"has-text-align-center\">Utilitzant un tema per a WordPress desenvolupat exclusivament per a aquest servei i m\u00e9s de 250 \u20ac en extres inclosos, podr\u00e0s llan\u00e7ar-te i aprofitar aquest moment.<\/p>\n\n\n\n<hr class=\"wp-block-separator max-width-medium\"\/>\n\n\n\n<h2 class=\"has-text-align-center wp-block-heading\">Qu\u00e8 \u00e9s <span class=\"wordxpress\"><span>Word<\/span>XPress<\/span>?<\/h2>\n\n\n\n<h3 class=\"has-text-align-center has-primary-color has-text-color wp-block-heading\">La forma m\u00e9s econ\u00f2mica i r\u00e0pida de tenir una web WordPress optimitzada al m\u00e0xim<\/h3>\n\n\n\n<p class=\"has-text-align-center\">Moltes persones com tu intenten fer la seva pr\u00f2pia web amb plantilles WordPress, per\u00f2 o b\u00e9 abandonen per manca de coneixements t\u00e8cnics, o b\u00e9 no obtenen el resultat esperat. Al contrari del que a vegades es pugui pensar, aprendre els aspectes t\u00e8cnics necessaris per a desenvolupar una bona web amb WordPress pot portar mesos.<\/p>\n\n\n\n<p class=\"has-text-align-center\">El servei <span class=\"wordxpress\"><span>Word<\/span>XPress<\/span> est\u00e0 dissenyat per a estalviar-problemes i donar-te una soluci\u00f3 adequada a la teva butxaca.<\/p>\n\n\n\n<p class=\"has-text-align-center\">M&#8217;ocupo de la instal\u00b7laci\u00f3 i de les configuracions que millor serveixen al teu projecte. Adapto l&#8217;est\u00e8tica del web perqu\u00e8 correspongui a la teva imatge de marca. Et pujo els continguts i t&#8217;ensenyo a gestionar-los.<\/p>\n\n\n\n<p class=\"has-text-align-center has-large-font-size\">Amb <span class=\"wordxpress\"><span>Word<\/span>XPress<\/span> aconsegueixes una p\u00e0gina web amb un disseny personalitzat professional i amb una optimitzaci\u00f3 t\u00e8cnica impecable. <span class=\"link-fake js-modal-open #modal#\">Tot per 475\u20ac<\/span>.<\/p>\n\n\n\n<div class=\"wp-block-group alignfull has-subtle-background-background-color has-background\" id=\"que-inclou\"><div class=\"wp-block-group__inner-container is-layout-flow wp-block-group-is-layout-flow\">\n<h2 class=\"has-text-align-center max-width-medium wp-block-heading\">El que et portes en finalitzar el projecte<\/h2>\n\n\n\n<ul class=\"max-width-medium list-icons list-icons-big list-icons-tick wp-block-list\"><li>Una p\u00e0gina web acabada en 2 dies.<\/li><li>Un disseny responsive professional.<\/li><li>Un bloc amb el qual potenciar la teva pres\u00e8ncia a internet.<\/li><li>Optimitzaci\u00f3 web al mateix nivell que un web desenvolupada a mida.<\/li><li>Un lloc web associat a la teva plataforma d&#8217;email-m\u00e0rqueting i a les teves xarxes socials.<\/li><li>Eines i extres valorades en m\u00e9s de 250 \u20ac.<\/li><li>Subscripci\u00f3 al Servei de Manteniment WordPress per 2 mesos.<\/li><\/ul>\n\n\n\n<div class=\"wp-block-columns is-layout-flex wp-container-core-columns-is-layout-9d6595d7 wp-block-columns-is-layout-flex\">\n<div class=\"wp-block-column is-layout-flow wp-block-column-is-layout-flow\">\n<p class=\"has-text-align-center has-small-font-size\"><span class=\"link-fake js-modal-open #modal-incluye# js-modal-incluye-si\">El que SI inclou <span class=\"wordxpress\"><span>Word<\/span>XPress<\/span><\/span><\/p>\n<\/div>\n\n\n\n<div class=\"wp-block-column is-layout-flow wp-block-column-is-layout-flow\">\n<p class=\"has-text-align-center has-small-font-size\"><span class=\"link-fake js-modal-open #modal-incluye# js-modal-incluye-no\">El que NO inclou <span class=\"wordxpress\"><span>Word<\/span>XPress<\/span><\/span><\/p>\n<\/div>\n<\/div>\n\n\n\n<div id=\"modal-incluye\" class=\"modal modal-windowed\">\n\t<div class=\"modal-background js-modal-close\"><\/div>\n\t<div class=\"modal-window has-primary-color\">\n\t\t<p class=\"h2 no-margin-top modal-title\">El que <span class=\"js-modal-incluye-si\">SI<\/span> <span class=\"js-modal-incluye-no\">NO<\/span> inclou <span class=\"wordxpress\"><span>Word<\/span>XPress<\/span><\/p>\n\t\t<span class=\"modal-close js-modal-close\">\u2716<\/span>\n\t\t<div class=\"modal-content\">\n\t\t\t<div class=\"js-modal-incluye-si\">\n\t\t\t\t<ul class=\"list-icons list-icons-tick has-small-font-size\">\n\t\t\t\t\t<li><strong>WordPress:<\/strong><br>\n\t\t\t\t\t\tInstal\u00b7laci\u00f3 de WordPress i configuraci\u00f3. Tu has de ser el propietari del hosting en el que faci la instal\u00b7laci\u00f3.<\/li>\n\t\t\t\t\t<li><strong>P\u00e0gina Web amb BLOC:<\/strong><br>\n\t\t\t\t\t\tEn nom\u00e9s 48 hores disposes de la teva p\u00e0gina web online amb bloc incl\u00f2s.<\/li>\n\t\t\t\t\t<li><strong>Eines Valorades en M\u00e9s de 250\u20ac:<\/strong><br>\n\t\t\t\t\t\tPaquets de plugins i altres extres inclosos, instal\u00b7lats i configurats per a tu.<\/li>\n\t\t\t\t\t<li><strong>Personalitzaci\u00f3 de Marca:<\/strong><br>\n\t\t\t\t\t\tIncorporaci\u00f3 del logotip, implementaci\u00f3 dels colors de marca i adaptaci\u00f3 de tipografies entre les disponibles a Google Fonts.<\/li>\n\t\t\t\t\t<li><strong>Disseny Responsive:<\/strong><br>\n\t\t\t\t\t\tAdaptaci\u00f3 del disseny web als diferents dispositius de visualitzaci\u00f3 com a m\u00f2bil, tauleta o monitor de sobretaula.<\/li>\n\t\t\t\t\t<li><strong>Nou P\u00e0gines:<\/strong><br>\n\t\t\t\t\t\t<span class=\"wordxpress\"><span>Word<\/span>XPress<\/span> est\u00e0 dissenyat per crear p\u00e0gines corporatives de fins a 9 p\u00e0gines principals: Inici, Serveis + 4 de cada servei, Sobre mi, Bloc i Contacte. Tens la possibilitat d&#8217;afegir tantes com vulguis un cop acabada la web.<\/li>\n\t\t\t\t\t<li><strong>P\u00e0gines Legals:<\/strong><br>\n\t\t\t\t\t\tLes p\u00e0gines legals s\u00f3n obligat\u00f2ries per llei i estan incloses en <span class=\"wordxpress\"><span>Word<\/span>XPress<\/span>. Et facilito un model per als textos d&#8217;Av\u00eds Legal, Pol\u00edtica de privacitat i Pol\u00edtica de galetes perqu\u00e8 els personalitzis amb les teves dades.<\/li>\n\t\t\t\t\t<li><strong>Formulari de Contacte:<\/strong><br>\n\t\t\t\t\t\tUn formulari de contacte a mida segons les teves necessitats.<\/li>\n\t\t\t\t\t<li><strong>Formulari de Subscripci\u00f3:<\/strong><br>\n\t\t\t\t\t\tCreaci\u00f3 i vinculaci\u00f3 d\u2019un formulari de subscripci\u00f3 a la teva plataforma de m\u00e0rqueting per correu electr\u00f2nic.<\/li>\n\t\t\t\t\t<li><strong>Enlla\u00e7os a Xarxes Socials:<\/strong><br>\n\t\t\t\t\t\tM\u00f2dul amb els enlla\u00e7os als teus perfils socials inclosos a cada p\u00e0gina de la web.<\/li>\n\t\t\t\t\t<li><strong>Compartir a XXSS:<\/strong><br>\n\t\t\t\t\t\tBotons en totes les p\u00e0gines i entrades perqu\u00e8 els teus lectors comparteixin els teus articles en les seves xarxes socials.<\/li>\n\t\t\t\t\t<li><strong>Optimitzaci\u00f3 de Seguretat:<\/strong><br>\n\t\t\t\t\t\tInstal\u00b7laci\u00f3 i configuraci\u00f3 de 3 connectors, aix\u00ed com una s\u00e8rie d\u2019ajustos en els arxius de WordPress per protegir i refor\u00e7ar el seu WordPress davant d\u2019atacs i spam, la seva web estar\u00e0 totalment protegida.<\/li>\n\t\t\t\t\t<li><strong>Optimitzaci\u00f3 de Rendiment i Velocitat:<\/strong><br>\n\t\t\t\t\t\tInstal\u00b7laci\u00f3 i configuraci\u00f3 de WP Rocket, el millor plugin de velocitat per WordPress. La teva web carregar\u00e0 tan de pressa que els teus visitants no se n\u2019adonaran (valorat en 44\u20ac).<\/li>\n\t\t\t\t\t<li><strong>Optimitzaci\u00f3 SEO:<\/strong><br>\n\t\t\t\t\t\tInstal\u00b7laci\u00f3 i configuraci\u00f3 del connector The SEO Framework, el plugin de SEO m\u00e9s lleuger per WordPress que permet optimitzar al m\u00e0xim el SEO de la seva web.<\/li>\n\t\t\t\t\t<li><strong>Alta en els Serveis de Google:<\/strong><br>\n\t\t\t\t\t\tEt donar\u00e9 alta a Google Console Search i Google Analytics.<\/li>\n\t\t\t\t\t<li><strong>Tutorials:<\/strong><br>\n\t\t\t\t\t\tUna documentaci\u00f3 completa en la qual trobar\u00e0s diversos tutorials en els quals t\u2019explico pas a pas com utilitzar WordPress, perqu\u00e8 puguis actualitzar tu mateix la teva web (valorats en 180\u20ac).<\/li>\n\t\t\t\t\t<li><strong>Suport T\u00e8cnic:<\/strong><br>\n\t\t\t\t\t\tSi els tutorials no s\u00f3n suficient, durant els dos primers mesos tens suport t\u00e8cnic a trav\u00e9s del correu electr\u00f2nic. Pots consultar-me per aquest mitj\u00e0 qualsevol dubte que tinguis sobre la web.<\/li>\n\t\t\t\t\t<li><strong>Servei de Manteniment:<\/strong><br>\n\t\t\t\t\t\tEt regalo de 2 mesos de subscripci\u00f3 gratu\u00efta al meu servei de manteniment per p\u00e0gines web WordPress (valorat en 37\u20ac).<\/li>\n\t\t\t\t<\/ul>\n\t\t\t\t<p class=\"has-text-align-center has-small-font-size\"><span class=\"link-fake js-modal-incluye-no\">El que NO inclou <span class=\"wordxpress\"><span>Word<\/span>XPress<\/span><\/span><\/p>\n\t\t\t<\/div>\n\t\t\t<div class=\"js-modal-incluye-no\">\n\t\t\t\t<p>Me importa que comprendas lo que est\u00e1s contratando exactamente, sin malentendidos. El servicio <span class=\"wordxpress\"><span>Word<\/span>XPress<\/span> es muy completo, pero dentro de sus l\u00edmites.<\/p>\n\t\t\t\t<ul class=\"list-icons list-icons-cross has-small-font-size\">\n\t\t\t\t\t<li><strong>Allotjament i domini:<\/strong><br>\n\t\t\t\t\t\tTu has de ser el propietari dels serveis de hosting i domini. Si no saps quin hosting contractar jo et recomano <a href=\"https:\/\/l.entumas.com\/raiola-tumas\/\" target=\"_blank\" rel=\"noopener noreferrer nofollow\">el millor que conec<\/a>.<\/li>\n\t\t\t\t\t<li><strong>Producci\u00f3 de continguts:<\/strong><br>\n\t\t\t\t\t\tNo produeixo continguts, ni textos ni imatges. Els continguts que em facilites en la reuni\u00f3 inicial s\u00f3n els que pujo a la web.<\/li>\n\t\t\t\t\t<li><strong>Instal\u00b7laci\u00f3 i configuraci\u00f3 de plugins addicionals:<\/strong><br>\n\t\t\t\t\t\tInstal\u00b7lo i configuro els millors plugins per potenciar la seguretat, velocitat i SEO de la teva web al m\u00e0xim. Si vols que us instal\u00b7li un connector addicional ho veiem en un pressupost a part.<\/li>\n\t\t\t\t\t<li><strong>Modificaci\u00f3 del tema:<\/strong><br>\n\t\t\t\t\t\tPersonalitzo el tema amb el teu logotip, els colors i les tipografies de la teva marca, per\u00f2 no faig modificacions en el seu codi.<\/li>\n\t\t\t\t\t<li><strong>Nom\u00e9s 48 hores:<\/strong><br>\n\t\t\t\t\t\tEl temps de producci\u00f3 del web acabada s\u00f3n 2 dies. Un cop m&#8217;has donat el teu vistiplau pujo la web al teu servidor i la dono d&#8217;alta en els serveis de Google. Qualsevol modificaci\u00f3 posterior es facturar\u00e0 a part.<\/li>\n\t\t\t\t\t<li><strong>Web corporativa amb m\u00e9s de 9 p\u00e0gines:<\/strong><br>\n\t\t\t\t\t\tAquest servei est\u00e0 dissenyat per fer webs corporatives WordPress de fins a 9 p\u00e0gines. Si necessites m\u00e9s p\u00e0gines o seccions \u00e9s millor fer un pressupost a mida per al teu cas.<\/li>\n\t\t\t\t\t<li><strong>Branding:<\/strong><br>\n\t\t\t\t\t\tAquest \u00e9s un servei de desenvolupament web, no inclou desenvolupament de marca. Si necessites aquest servei utilitza el formulari de contacte i et poso en contacte amb un dissenyador de confian\u00e7a.<\/li>\n\t\t\t\t\t<li><strong>Comptes externes:<\/strong><br>\n\t\t\t\t\t\tNo crec cap compte extern, ni de xarxes socials ni de plataformes d&#8217;email m\u00e0rqueting. El que faig \u00e9s vincular al web teves xarxes socials i els formularis de subscripci\u00f3 dels comptes que ja tinguis creades.<\/li>\n\t\t\t\t<\/ul>\n\t\t\t\t<p class=\"has-text-align-center has-small-font-size\"><span class=\"link-fake js-modal-incluye-si\">El que SI inclou <span class=\"wordxpress\"><span>Word<\/span>XPress<\/span><\/span><\/p>\n\t\t\t<\/div>\n\t\t<\/div>\n\t<\/div>\n<\/div>\n\n\n\n<div class=\"wp-block-buttons is-horizontal is-content-justification-center is-layout-flex wp-container-core-buttons-is-layout-499968f5 wp-block-buttons-is-layout-flex\">\n<div class=\"wp-block-button is-style-outline js-modal-open #modal# is-style-outline--2\"><a class=\"wp-block-button__link has-primary-color has-text-color\">Contracta el teu <span class=\"wordxpress\"><span>Word<\/span>XPress<\/span> per 475\u20ac<\/a><\/div>\n<\/div>\n<\/div><\/div>\n\n\n\n<h2 class=\"has-text-align-center wp-block-heading\">Qu\u00e8 diuen els meus clients<\/h2>\n\n\n<p><div class=\"testimonial\"><div class=\"testimonial-image\"><img decoding=\"async\" width=\"240\" height=\"240\" src=\"https:\/\/tumasmuntane.com\/wp-content\/uploads\/2020\/09\/dani-mir.jpg\" class=\"attachment-post-thumbnail size-post-thumbnail wp-post-image\" alt=\"Dani Mir\" srcset=\"https:\/\/tumasmuntane.com\/wp-content\/uploads\/2020\/09\/dani-mir.jpg 240w, https:\/\/tumasmuntane.com\/wp-content\/uploads\/2020\/09\/dani-mir-160x160.jpg 160w\" sizes=\"(max-width: 240px) 100vw, 240px\" \/><\/div><blockquote><p>El que m\u00e9s valoro de la feina que ha fet en Tum\u00e0s per mi \u00e9s la rapidesa i el bon format de la web. Poder tenir el seu servei m'ha ajudat a estalviar temps i aprendre una mica el procediment de fer p\u00e0gines web, ja que no en tenia i estava bastant perdut en el tema de construir una p\u00e0gina. Veient els resultats el recomanaria a qualsevol persona en la meva situaci\u00f3, que vol crear una p\u00e0gina personal o de empresa. <\/p><cite><svg  class=\"svg-icon\"><use href=\"https:\/\/tumasmuntane.com\/wp-content\/themes\/twentytwenty-child\/images\/icons.svg#testimonial\"\/><\/svg><div class=\"testimonial-author\"><p class=\"testimonial-name\">Dani Mir Carbonell<\/p><p class=\"testimonial-position-company\"><span class=\"testimonial-position\">Encarregat<\/span> \/\/ <span class=\"testimonial-company\">Taller Mir<\/span><\/p><\/div><\/cite><\/blockquote><\/div><div class=\"testimonial\"><div class=\"testimonial-image\"><img decoding=\"async\" width=\"160\" height=\"160\" src=\"https:\/\/tumasmuntane.com\/wp-content\/uploads\/2020\/10\/joffre-huguet.jpg\" class=\"attachment-post-thumbnail size-post-thumbnail wp-post-image\" alt=\"Joffre Huguet\" \/><\/div><blockquote><p>No teniem web i en Tum\u00e0s ens la va fer. Valorem el seu tracte hum\u00e0 i personalitzat i la rapidesa en l'execuci\u00f3 de la feina. Recomanariem a en Tum\u00e0s a qui vulgui estalviar-se mals de cap.<\/p><cite><svg  class=\"svg-icon\"><use href=\"https:\/\/tumasmuntane.com\/wp-content\/themes\/twentytwenty-child\/images\/icons.svg#testimonial\"\/><\/svg><div class=\"testimonial-author\"><p class=\"testimonial-name\">Joffre Huguet<\/p><p class=\"testimonial-position-company\"><span class=\"testimonial-position\">Comuniaci\u00f3<\/span> \/\/ <span class=\"testimonial-company\">Centre de formaci\u00f3 teatral El Galliner<\/span><\/p><\/div><\/cite><\/blockquote><\/div><div class=\"testimonial\"><div class=\"testimonial-image\"><img decoding=\"async\" width=\"240\" height=\"240\" src=\"https:\/\/tumasmuntane.com\/wp-content\/uploads\/2020\/09\/andrea-llacer.jpg\" class=\"attachment-post-thumbnail size-post-thumbnail wp-post-image\" alt=\"Andrea Ll\u00e0cer\" srcset=\"https:\/\/tumasmuntane.com\/wp-content\/uploads\/2020\/09\/andrea-llacer.jpg 240w, https:\/\/tumasmuntane.com\/wp-content\/uploads\/2020\/09\/andrea-llacer-160x160.jpg 160w\" sizes=\"(max-width: 240px) 100vw, 240px\" \/><\/div><blockquote><p>Necessitava una web per a la meva ag\u00e8ncia d'esdeveniments i en Tum\u00e0s em va prestar assist\u00e8ncia durant el proc\u00e9s de creaci\u00f3 de la p\u00e0gina web i el manteniment d'aquesta. Valoro positivament l'atenci\u00f3 dedicada i la seva rapidesa, el recomano a qualsevol persona que precisa d'ajuda per a la creaci\u00f3 d'una p\u00e0gina web i com a t\u00e8cnic.<\/p><cite><svg  class=\"svg-icon\"><use href=\"https:\/\/tumasmuntane.com\/wp-content\/themes\/twentytwenty-child\/images\/icons.svg#testimonial\"\/><\/svg><div class=\"testimonial-author\"><p class=\"testimonial-name\">Andrea Ll\u00e0cer<\/p><p class=\"testimonial-position-company\"><span class=\"testimonial-position\">Estilisa i Disenyadora d&#039;esdeveniments<\/span> \/\/ <span class=\"testimonial-company\">Andrea Ll\u00e0cer<\/span><\/p><\/div><\/cite><\/blockquote><\/div><\/p>\n\n\n\n<div class=\"wp-block-group alignfull has-primary-background-color has-background\"><div class=\"wp-block-group__inner-container is-layout-flow wp-block-group-is-layout-flow\">\n<h2 class=\"has-text-align-center has-background-color has-text-color wp-block-heading\">Est\u00e0s a punt per donar l&#8217;impuls que necessita el teu projecte?<\/h2>\n\n\n\n<p class=\"has-text-align-center has-background-color has-text-color\">Omple el formulari de sol\u00b7licitud per comen\u00e7ar a con\u00e8ixer-te i donar-me les primeres dades del teu negoci.<\/p>\n\n\n\n<div class=\"wp-block-buttons is-horizontal is-content-justification-center is-layout-flex wp-container-core-buttons-is-layout-499968f5 wp-block-buttons-is-layout-flex\">\n<div class=\"wp-block-button is-style-outline js-modal-open #modal# is-style-outline--3\"><a class=\"wp-block-button__link has-accent-color has-text-color\">Contracta el teu <span class=\"wordxpress\"><span>Word<\/span>XPress<\/span> per 475\u20ac<\/a><\/div>\n<\/div>\n<\/div><\/div>\n\n\n\n<h2 class=\"has-text-align-center wp-block-heading\">Aquest \u00e9s el proc\u00e9s de treball<\/h2>\n\n\n\n<ul class=\"list-icons-svg-icon max-width-medium wp-block-list\"><li><svg  class=\"svg-icon\"><use href=\"https:\/\/tumasmuntane.com\/wp-content\/themes\/twentytwenty-child\/images\/icons.svg#tasks\"\/><\/svg> <span>Omple <span class=\"link-fake js-modal-open #modal#\">aquest formulari<\/span>.<\/span><\/li><li><svg  class=\"svg-icon\"><use href=\"https:\/\/tumasmuntane.com\/wp-content\/themes\/twentytwenty-child\/images\/icons.svg#comments\"\/><\/svg> Em poso en contacte amb tu per concretar dates de treball i formalitzar el pagament.<\/li><li><svg  class=\"svg-icon\"><use href=\"https:\/\/tumasmuntane.com\/wp-content\/themes\/twentytwenty-child\/images\/icons.svg#users\"\/><\/svg> Primera reuni\u00f3 en l\u00ednia. Et vull demanar que tinguis preparada tota la documentaci\u00f3 i els continguts de la web per enviar mels en el moment de la reuni\u00f3. Aquesta ser\u00e0 llarga, concretarem tots els detalls perqu\u00e8 no hi hagi cap dubte per la teva part ni per la meva, aix\u00ed aconseguirem que el treball sigui fluid.<\/li><li><svg  class=\"svg-icon\"><use href=\"https:\/\/tumasmuntane.com\/wp-content\/themes\/twentytwenty-child\/images\/icons.svg#time\"\/><\/svg> Immediatament despr\u00e9s de la reuni\u00f3 em poso a treballar. Durant els dos dies de producci\u00f3 de la web necessitar\u00e9 que estigui f\u00e0cilment localitzable per si sorgeix algun imprevist que hagi de comentar amb tu.<\/li><li><svg  class=\"svg-icon\"><use href=\"https:\/\/tumasmuntane.com\/wp-content\/themes\/twentytwenty-child\/images\/icons.svg#blackboard\"\/><\/svg> Reuni\u00f3 de presentaci\u00f3. T&#8217;ensenyo la p\u00e0gina web acabada amb totes les seves funcionalitats i tots els continguts pujats.<\/li><li><svg  class=\"svg-icon\"><use href=\"https:\/\/tumasmuntane.com\/wp-content\/themes\/twentytwenty-child\/images\/icons.svg#server\"\/><\/svg> Un cop em d\u00f3nes el vistiplau la penjo en l\u00ednia, dono d&#8217;alta els serveis de Google i acabo les \u00faltimes configuracions que siguin necess\u00e0ries.<\/li><\/ul>\n\n\n\n<hr class=\"wp-block-separator max-width-medium\"\/>\n\n\n\n<h2 class=\"has-text-align-center wp-block-heading\">Amb m\u00e9s de 250\u20ac en extres!<\/h2>\n\n\n\n<div class=\"wp-block-columns table-extras is-layout-flex wp-container-core-columns-is-layout-9d6595d7 wp-block-columns-is-layout-flex\">\n<div class=\"wp-block-column is-layout-flow wp-block-column-is-layout-flow\"><svg  class=\"svg-icon\"><use href=\"https:\/\/tumasmuntane.com\/wp-content\/themes\/twentytwenty-child\/images\/icons.svg#rocket\"\/><\/svg>\n\n\n\n<h3 class=\"has-text-align-center wp-block-heading\">WP Rocket<\/h3>\n\n\n\n<p class=\"has-text-align-center has-large-font-size\">Valorat en 44\u20ac<\/p>\n\n\n\n<p class=\"has-text-align-center\">El connector de mem\u00f2ria cau m\u00e9s destacat per a WordPress, s&#8217;encarrega de maximitzar la velocitat de c\u00e0rrega de la teva p\u00e0gina.<\/p>\n<\/div>\n\n\n\n<div class=\"wp-block-column is-layout-flow wp-block-column-is-layout-flow\"><svg  class=\"svg-icon\"><use href=\"https:\/\/tumasmuntane.com\/wp-content\/themes\/twentytwenty-child\/images\/icons.svg#tools\"\/><\/svg>\n\n\n\n<h3 class=\"has-text-align-center wp-block-heading\">Mantenimiento<\/h3>\n\n\n\n<p class=\"has-text-align-center has-large-font-size\">Valorat en 37\u20ac<\/p>\n\n\n\n<p class=\"has-text-align-center\">Un mes de subscripci\u00f3 al meu <a href=\"https:\/\/mantenimientowpro.es\/ca\/manteniment-wordpress-professional\/\">Servei de Manteniment WordPress<\/a>. Monitoro la teva web una vegada posada en marxa per verificar que tot va sobre rodes.<\/p>\n<\/div>\n\n\n\n<div class=\"wp-block-column is-layout-flow wp-block-column-is-layout-flow\"><svg  class=\"svg-icon\"><use href=\"https:\/\/tumasmuntane.com\/wp-content\/themes\/twentytwenty-child\/images\/icons.svg#learn\"\/><\/svg>\n\n\n\n<h3 class=\"has-text-align-center wp-block-heading\">Tutoriales<\/h3>\n\n\n\n<p class=\"has-text-align-center has-large-font-size\">Valorat en 180\u20ac<\/p>\n\n\n\n<p class=\"has-text-align-center\">En el vostre tauler d&#8217;administraci\u00f3 incloure un apartat de tutorials on trobar\u00e0s totes les pautes que necessites per gestionar la web de la forma m\u00e9s f\u00e0cil.<\/p>\n<\/div>\n<\/div>\n\n\n\n<div class=\"wp-block-buttons is-horizontal is-content-justification-center is-layout-flex wp-container-core-buttons-is-layout-499968f5 wp-block-buttons-is-layout-flex\">\n<div class=\"wp-block-button is-style-outline js-modal-open #modal# is-style-outline--4\"><a class=\"wp-block-button__link has-primary-color has-text-color\">Contracta el teu <span class=\"wordxpress\"><span>Word<\/span>XPress<\/span> per 475\u20ac<\/a><\/div>\n<\/div>\n","protected":false},"excerpt":{"rendered":"<p>Vols que el teu projecte vegi la llum, per\u00f2 no et pots pagar una web a mida? Et falta pressupost per a un gran projecte, per\u00f2 saps la import\u00e0ncia de la teva pres\u00e8ncia a internet? Has perdut oportunitats per no tenir web, i est\u00e0s preparat per canviar aquesta situaci\u00f3? El servei WordXPress et permet, per [&hellip;]<\/p>\n","protected":false},"author":81,"featured_media":427,"parent":0,"menu_order":13,"comment_status":"closed","ping_status":"closed","template":"templates\/template-full-width.php","meta":{"_acf_changed":false,"_seopress_robots_primary_cat":"","_seopress_titles_title":"\u25b7 La teva web WordPress en 48 hores","_seopress_titles_desc":"\ud83d\ude80 El servei WordXPress et permet tenir funcionant una p\u00e0gina web r\u00e0pidament a un preu d'esc\u00e0ndol","_seopress_robots_index":"","footnotes":""},"class_list":["post-433","page","type-page","status-publish","has-post-thumbnail","hentry"],"acf":[],"_links":{"self":[{"href":"https:\/\/tumasmuntane.com\/ca\/wp-json\/wp\/v2\/pages\/433","targetHints":{"allow":["GET"]}}],"collection":[{"href":"https:\/\/tumasmuntane.com\/ca\/wp-json\/wp\/v2\/pages"}],"about":[{"href":"https:\/\/tumasmuntane.com\/ca\/wp-json\/wp\/v2\/types\/page"}],"author":[{"embeddable":true,"href":"https:\/\/tumasmuntane.com\/ca\/wp-json\/wp\/v2\/users\/81"}],"replies":[{"embeddable":true,"href":"https:\/\/tumasmuntane.com\/ca\/wp-json\/wp\/v2\/comments?post=433"}],"version-history":[{"count":0,"href":"https:\/\/tumasmuntane.com\/ca\/wp-json\/wp\/v2\/pages\/433\/revisions"}],"wp:featuredmedia":[{"embeddable":true,"href":"https:\/\/tumasmuntane.com\/ca\/wp-json\/wp\/v2\/media\/427"}],"wp:attachment":[{"href":"https:\/\/tumasmuntane.com\/ca\/wp-json\/wp\/v2\/media?parent=433"}],"curies":[{"name":"wp","href":"https:\/\/api.w.org\/{rel}","templated":true}]}}